{"id":2110,"date":"2016-10-25T20:45:23","date_gmt":"2016-10-25T18:45:23","guid":{"rendered":"http:\/\/www.jazzminonline.de\/?page_id=2110"},"modified":"2026-04-05T20:38:57","modified_gmt":"2026-04-05T18:38:57","slug":"termine-archiv","status":"publish","type":"page","link":"https:\/\/www.jazzminonline.de\/en\/termine-archiv\/","title":{"rendered":"Tourdates (archive)"},"content":{"rendered":"<p>Tuesday * 03\/31\/2026 * Gastmahl Konzerte im Tresor Vinum<\/p>\n<p>Saturday * 03\/14\/2026 * Schrottgalerie<\/p>\n<p>Friday * 03\/06\/2026 * Corporate event<\/p>\n<p>Thursday * 03\/05\/2026 * La Musica<\/p>\n<p>Tuesday * 03\/03\/2026 * KultCaf\u00e9<\/p>\n<p>Sunday * 03\/01\/2026 * E-Werk<\/p>\n<p>Friday * 02\/27\/2026 * Jack\u2018s Kellerb\u00fchne<\/p>\n<p>Thursday * 02\/26\/2026 * KulturBunt<\/p>\n<p>Friday * 02\/20\/2026 * Artrium<\/p>\n<p>Friday * 02\/06\/2026 * Wirtshaus zum Isartal<\/p>\n<p>Sunday * 01\/25\/2026 * Le Pirate<\/p>\n<p>Thursday * 01\/22\/2026 * Ristorante Caff\u00e8 Torretta<\/p>\n<p>Friday * 01\/02\/2026 * Corporate event<\/p>\n<p>Wednesday * 12\/31\/2025 * Kurtheater Bad W\u00f6rishofen<\/p>\n<p>Sunday * 12\/21\/2025 * Hoftheater<\/p>\n<h4><span style=\"font-weight: 400;\">Saturday * 12\/20\/2025 * Hofb\u00fchne Weilheim<\/span><\/h4>\n<p>Thursday * 12\/18\/2025 * Rathausbalkon, Marienplatz<\/p>\n<p>Friday * 12\/12\/2025 * Groundlift Theater Alte Brauerei Stegen<\/p>\n<p>Friday * 12\/05\/2025 * Herzogsburg Dingolfing<\/p>\n<p>Saturday * 11\/29\/2025 * Kultur Hinterm Feld<\/p>\n<p>Saturday * 11\/22\/2025 * Corporate event<\/p>\n<p>Friday * 11\/21\/2025 * Deutsches Theater Silbersaal<\/p>\n<p>Saturday * 11\/15\/2025 * Caf\u00e9 Marxhof<\/p>\n<p>Saturday * 11\/08\/2025 * Corporate event<\/p>\n<p>Sunday * 10\/19\/2025 * Stadtkino Trostberg<\/p>\n<p>Wednesday * 10\/15\/2025 * KultCaf\u00e9<\/p>\n<p>Thursday * 10\/09\/2025 * Raiffeisensaal<\/p>\n<p>Friday * 10\/03\/2025 * Wirtshaus zum Isartal<\/p>\n<p>Thursday * 09\/25\/2025 * Audi Forum After Work Jazz Lounge<\/p>\n<p>Saturday * 09\/20\/2025 * Die lange Nacht der Musik Poing<\/p>\n<p>Thursday * 09\/18\/2025 * Corporate event<\/p>\n<p>Tuesday * 09\/02\/2025 * Seebad Heringsdorf<\/p>\n<p>Sunday * 08\/31\/2025 * Ostseebad Baabe<\/p>\n<p>Saturday * 08\/30\/2025 * Dierhagen<\/p>\n<p>Friday * 08\/29\/2025 * \u00a0Dierhagen<\/p>\n<p>Thursday * 08\/28\/2025 * Mosaik Jazzbar<\/p>\n<p>Friday * 08\/22\/2025 *\u00a0Waldgasthof Buchenhain<\/p>\n<p>Thursday * 07\/24\/2025 * Corporate event<\/p>\n<p>Sunday * 07\/20\/2025 *\u00a0Pf\u00e4lzer Residenz Weinstube<\/p>\n<p>Friday * 07\/18\/2025 *\u00a0Kulturhaus Milbertshofen<\/p>\n<p>Tuesday * 07\/15\/2025 *\u00a0B\u00fcrgersaal F\u00fcrstenried<\/p>\n<p>Saturday * 07\/12\/2025 * Corporate event<\/p>\n<p>Thursday * 07\/10\/2025 * Corporate event<\/p>\n<p>Saturday * 07\/05\/2025 *\u00a0Swinging Prien<\/p>\n<p>Friday * 07\/04\/2025 * Open Air Park Ebenb\u00f6ckhaus<\/p>\n<p>Sunday * 06\/29\/2025 *\u00a0Tollwood Sommerfestival<\/p>\n<p>Saturday * 06\/28\/2025 *\u00a0Forum Jazz Braunau, Brauhaus Haselbach<\/p>\n<p>Monday * 06\/09\/2025 * Veranstaltungsforum F\u00fcrstenfeld<\/p>\n<p>Sunday * 06\/01\/2025 * Mohr-Villa<\/p>\n<p>Saturday * 05\/24\/2025 * Artrium<\/p>\n<p>Tuesday * 05\/20\/2025 * Corporate event<\/p>\n<p>Wednesday * 05\/14\/2025 * Kn\u00f6delplatz im Werksviertel<\/p>\n<p>Tuesday * 05\/13\/2025 * Kultcaf\u00e9<\/p>\n<p>Saturday * 05\/10\/2025 * Tutuguri, Bachfeldhaus<\/p>\n<p>Thursday * 05\/08\/2025 * Kulta8<\/p>\n<p>Saturday * 05\/03\/2025 * Caf\u00e9 Bar Herzog<\/p>\n<p>Friday * 05\/02\/2025 * Wirtshaus zum Isartal<\/p>\n<p>Saturday * 04\/05\/2025 * Kultur-Etage<\/p>\n<p>Sunday * 03\/30\/2025 *\u00a0Kleines Theater Haar<\/p>\n<p>Friday * 03\/28\/2025 * Corporate event<\/p>\n<p>Friday * 03\/21\/2025 *\u00a0intakt Musikinstitut<\/p>\n<p>Wednesday * 03\/12\/2025 * Corporate event<\/p>\n<p>Friday * 03\/07\/2025 * Corporate event<\/p>\n<p>Thursday * 02\/27\/2025 * KulturBunt Neuperlach<\/p>\n<p>Thursday * 02\/20\/2025 * Audi Forum Ingolstadt<\/p>\n<p>Friday * 02\/14\/2025 * K1 Kultur- und Veranstaltungszentrum<\/p>\n<p>Friday * 02\/07\/2025 * Wirtshaus zum Isartal<\/p>\n<p>Wednesday * 02\/05\/2025 * Gut Sonnenhausen, Farmer\u2019s Club<\/p>\n<p>Saturday * 01\/25\/2025 * Hoftheater<\/p>\n<p>Thursday * 01\/16\/2025 * La Musica<\/p>\n<p>Saturday * 12\/21\/2024 * Weihnachtsmark Pfaffenhofen\/ Ilm<\/p>\n<p>Sunday * 12\/15\/2024 * Hotel Vier Jahreszeiten Starnberg, Hemingway Bar<\/p>\n<p>Friday * 12\/13\/2024 * Parkhotel Laurin, Bolzano<\/p>\n<p>Thursday * 12\/12\/2024 * Schwabinger Weihnachtsmarkt<\/p>\n<p>Saturday * 12\/07\/2024 * Weihnachtsmark Pfaffenhofen\/ Ilm<\/p>\n<p>Friday * 12\/06\/2024 * Wirtshaus zum Isartal<\/p>\n<p>Wednesday * 12\/04\/2024 * Corporate event<\/p>\n<p>Friday * 11\/29\/2024 * Isarphilharmonie<\/p>\n<p>Wednesday * 11\/06\/2024 * Bibliothekssaal<\/p>\n<p>Saturday * 11\/02\/2024 * Mood Club<\/p>\n<p>Thursday * 10\/24\/2024 * Audi After Work Jazz Lounge<\/p>\n<p>Saturday * 10\/19\/2024 * Augustinum Roth<\/p>\n<p>Friday * 10\/18\/2024 * Jazzstudio N\u00fcrnberg<\/p>\n<p>Tuesday * 10\/15\/2024 * KultCaf\u00e9<\/p>\n<p>Thursday * 09\/26\/2024 * Caf\u00e9 Bella Martha<\/p>\n<p>Saturday * 09\/21\/2024 * Ristorante La Piazzetta<\/p>\n<p>Friday * 09\/20\/2024 * Paul Theater<\/p>\n<p>Sunday * 09\/15\/2024 * Pf\u00e4lzer Residenz Weinstube<\/p>\n<p>Friday * 09\/06\/2024 * Wirtshaus zum Isartal<\/p>\n<p>Friday * 08\/30\/2024 * Das Achental<\/p>\n<p>Saturday * 08\/24\/2024 * Kunst- und Kulturhaus Zum Gugger<\/p>\n<p>Thursday * 08\/15\/2024 * Airbr\u00e4u<\/p>\n<p>Friday * 08\/09\/2024 * Waldgasthof Buchenhain Biergarten<\/p>\n<p>Thursday * 08\/08\/2024 * Der Berg Ruft!<\/p>\n<p>Sunday * 07\/28\/2024 * Museumsschiff Tutzing<\/p>\n<p>Friday * 07\/26\/2024 * Private event<\/p>\n<p>Thursday * 07\/18\/2024 * Kulturkeller Westend<\/p>\n<p>Sunday * 07\/07\/2024 * B\u00fchne Augustiner Innenhof<\/p>\n<p>Friday * 06\/28\/2024 * Park Ebenb\u00f6ckhaus<\/p>\n<p>Tuesday * 06\/18\/2024 * Corporate event<\/p>\n<p>Sunday * 06\/16\/2024 * Hotel Vier Jahreszeiten Starnberg, Hemingway Bar<\/p>\n<p>Sunday * 06\/16\/2024 * Remise Schlo\u00df Fu\u00dfberg &#8211; Haus der K\u00fcnste<\/p>\n<p>Friday * 06\/07\/2024 * Wirtshaus zum Isartal<\/p>\n<p>Wednesday * 05\/01\/2024 * Pf\u00e4lzer Residenz Weinstube<\/p>\n<p>Saturday * 04\/13\/2024 * Weilheimer Kulturnacht, La Galleria<\/p>\n<p>Thursday * 04\/11\/2024 * Deutsches Theater Silbersaal<\/p>\n<p>Sunday * 04\/07\/2024 * KlangRaum e.V., Klavierwerkstatt<\/p>\n<p>Saturday * 03\/23\/2024 * Private event<\/p>\n<p>Saturday * 03\/16\/2024 * Kresslesm\u00fchle<\/p>\n<p>Friday * 03\/15\/2024 * Theater Alte Brauerei Stegen<\/p>\n<p>Friday * 03\/08\/2024 * H\u00f6rakustik B\u00f6gl<\/p>\n<p>Wednesday * 03\/06\/2024 * Private event<\/p>\n<p>Friday * 03\/01\/2024 * Wirtshaus zum Isartal<\/p>\n<p>Saturday * 02\/24\/2024 * Kultur-Etage Messestadt<\/p>\n<p>Tuesday * 02\/20\/2024 * KultCaf\u00e9<\/p>\n<p>Saturday * 02\/17\/2024 * Schrottgalerie<\/p>\n<p>Thursday * 02\/15\/2024 * Jazzclub F\u00fcrth, Kellerb\u00fchne im Babylon Kino<\/p>\n<p>Sunday * 12\/31\/2023 * Waldgasthof Buchenhain<\/p>\n<p>Friday * 12\/29\/2023 * Forum Flughafen Munich<\/p>\n<p>Tuesday * 12\/19\/2023 * Wintertollwood, Hexenkessel<\/p>\n<p>Saturday * 12\/16\/2023 * Grundschule Konzertsaal Neubiberg<\/p>\n<p>Friday * 12\/15\/2023 * Rathaus Feldkirchen Saal<\/p>\n<p>Tuesday * 12\/12\/2023 * Schwabinger Weihnachtsmarkt<\/p>\n<p>Saturday * 12\/09\/2023 * Uditorium<\/p>\n<p>Thursday * 12\/07\/2023 * Christkindlmarkt, Rathausbalkon<\/p>\n<p>Saturday * 12\/02\/2023 * B\u00fchne 23 VHS<\/p>\n<p>Wednesday * 11\/08\/2023 * Stadttheater Amberg<\/p>\n<p>Saturday * 10\/28\/2023 * Neuhauser Musiknacht, Amea<\/p>\n<h4><span style=\"font-weight: 400;\">Sunday * 10\/22\/2023 * Pasinger Fabrik<\/span><\/h4>\n<p>Sunday * 10\/15\/2023 * Neuhauser Trafo<\/p>\n<p>Thursday * 10\/12\/2023 * Caf\u00e9 Bistro Pabst<\/p>\n<p>Saturday * 09\/30\/2023 * Herzogsburg<\/p>\n<h4><span style=\"font-weight: 400;\">Saturday * 09\/23\/2023 * Jazzclub Team 68, Alte Post<\/span><\/h4>\n<h4><span style=\"font-weight: 400;\">Thursday * 09\/21\/2023 * Audi Forum, After Work Jazz Lounge<\/span><\/h4>\n<h4><span style=\"font-weight: 400;\">Saturday * 09\/16\/2023 * La Piazzetta<\/span><\/h4>\n<p>Sunday * 09\/10\/2023 * Stadttheater Ambergh<\/p>\n<p>Friday * 09\/01\/2023 * Wirtshaus zum Isartal<\/p>\n<p>Wednesday * 08\/16\/2023 * Private event<\/p>\n<h4><span style=\"font-weight: 400;\">Saturday * 08\/12\/2023 * <\/span><span style=\"font-weight: 400;\">Verde22<\/span><\/h4>\n<h4><span style=\"font-weight: 400;\">Friday * 08\/04\/2023 * <\/span><span style=\"font-weight: 400;\">Waldgasthof Buchenhain<\/span><\/h4>\n<p>Thursday * 08\/03\/2023 * corporate event<\/p>\n<p>Sunday * 07\/23\/2023 * Kaiserhof der Residenz, Pf\u00e4lzer Weinstube<\/p>\n<p>Friday * 07\/21\/2023 * Verde22<\/p>\n<p>Sunday * 07\/16\/2023 * Remise im Schlosspark Fu\u00dfberg<\/p>\n<p>Saturday * 07\/15\/2023 * Jazzweekend Regensburg<\/p>\n<p>Wednesday * 07\/12\/2023 * Alten- und Servicezentrum Neuhausen<\/p>\n<p>Friday * 07\/07\/2023 * Kurb\u00fchne Baabe<\/p>\n<p>Thursday * 07\/06\/2023 * Konzertmuschel Heringsdorf<\/p>\n<p>Saturday * 06\/24\/2023 * corporate event<\/p>\n<p>Tuesday * 06\/13\/2023 * corporate event<\/p>\n<p>Saturday * 06\/10\/2023 * Verde22<\/p>\n<p>Sunday * 06\/04\/2023 * private event<\/p>\n<p>Sunday * 05\/28\/2023 * F\u00fcrstenfelder Gartenanlage<\/p>\n<p>Sunday * 05\/21\/2023 * Kaiserhof der Residenz, Pf\u00e4lzer Weinstube<\/p>\n<p>Thursday * 05\/11\/2023 * corporate event<\/p>\n<p>Wednesday * 05\/10\/2023 * Verde22<\/p>\n<p>Saturday * 05\/06\/2023 * Salon Pitzelberger im G\u00e4rtnerplatztheater<\/p>\n<p>Thursday * 05\/04\/2023 * Jegelscheune<\/p>\n<p>Tuesday * 04\/25\/2023 * Tresor Vinum CAT Jazz Club<\/p>\n<p>Friday * 04\/21\/2023 * Kulturstadl Vilgertshofen<\/p>\n<p>Thursday * 04\/20\/2023 * La Musica<\/p>\n<p>Saturday * 04\/15\/2023 * Kultur Hinterm Feld<\/p>\n<p>Saturday * 04\/08\/2023 * Das Achental Hotel Resort<\/p>\n<p>Friday * 03\/17\/2023 * Jazzclub Ludwigsburg (Podium in der Musikhalle)<\/p>\n<p>Saturday * 03\/11\/2023 * Gasthaus Weingarten<\/p>\n<p>Thursday * 03\/09\/2023 * Audi Forum, After Work Jazz Lounge<\/p>\n<p>Friday * 03\/03\/2023 * corporate event<\/p>\n<p>Friday * 02\/17\/2023 * Salon Pitzelberger im G\u00e4rtnerplatztheater<\/p>\n<p>Saturday * 02\/11\/2023 * Gasthaus Weingarten<\/p>\n<p>Saturday * 02\/04\/2023 * Sonthofer Kulturwerkstatt<\/p>\n<p>Friday * 02\/03\/2023 * Swing &amp; The City, Onstage<\/p>\n<p>Friday * 01\/27\/2023 * Paul Theater Straubing<\/p>\n<p>Sunday * 01\/22\/2023 * E-Werk<\/p>\n<p>Friday * 01\/20\/2023 * Stadtbibliothek Bogenhausen<\/p>\n<p>Tuesday * 01\/17\/2023 * KultCaf\u00e9<\/p>\n<p>Saturday * 12\/31\/2022 * Waldgasthof Buchenhain<\/p>\n<p>Thursday * 12\/29\/2022 * Freiraum Jenbach<\/p>\n<p>Thursday * 12\/22\/2022 * Hoftheater im Stemmerhof<\/p>\n<p>Saturday * 12\/17\/2022 * Jazzstudio N\u00fcrnberg<\/p>\n<p>Friday * 12\/16\/2022 * Kulturbunt Neuperlach<\/p>\n<p>Thursday * 12\/15\/2022 * Wirtshaus Taglaching<\/p>\n<p>Sunday * 12\/11\/2022 * Hexenkessel, Tollwood Winterfestival<\/p>\n<p>Friday * 12\/09\/2022 * Schrottgalerie<\/p>\n<p>Monday * 12\/05\/2022 * am Rathaus Marienplatz<\/p>\n<p>Saturday * 12\/03\/2022 * Kult9<\/p>\n<p>Thursday * 12\/01\/2022 * Schwabinger Weihnachtsmarkt<\/p>\n<p>Saturday * 11\/26\/2022 * Ludwig Beck, Musikb\u00fchne, 5. Etage<\/p>\n<p>Thursday * 11\/24\/2022 * Schlosssaal<\/p>\n<p>Thursday * 11\/10\/2022 * Audi After Work Jazz Lounge<\/p>\n<p>Tuesday * 10\/25\/2022 * Jazzbar Vogler<\/p>\n<h4><span style=\"font-weight: 400;\">Saturday * 10\/22\/2022 * Hotel Weingarten<\/span><\/h4>\n<h4><span style=\"font-weight: 400;\">Saturday * 10\/15\/2022 * Theater Alte Brauerei Stegen<\/span><\/h4>\n<h4><span style=\"font-weight: 400;\">Friday * 10\/14\/2022 * Kultur-Etage Messestadt<\/span><\/h4>\n<h4><span style=\"font-weight: 400;\">Sunday * 10\/09\/2022 * Pasinger Fabrik<\/span><\/h4>\n<h4><span style=\"font-weight: 400;\">Wednesday * 10\/05\/2022 * Kleines Theater Haar<\/span><\/h4>\n<h4><span style=\"font-weight: 400;\">Saturday * 10\/01\/2022 * Stadtteilkultur 2411<\/span><\/h4>\n<p>Saturday * 09\/17\/2022 * Die Lange Nacht der Musik Poing<\/p>\n<p>Friday * 09\/16\/2022 * Mala<\/p>\n<p>Wednesday * 08\/17\/2022 * Jazzbar Vogler<\/p>\n<p>Sunday * 07\/17\/2022 * Jazzweekend Regensburg<\/p>\n<p>Saturday * 07\/16\/2022 * Sommerfest der Pasinger Fabrik, Biergarten<\/p>\n<p>Wednesday * 07\/13\/2022 * Hotel Klosterhof<\/p>\n<p>Thursday * 06\/23\/2022 * <span class=\"tag_trans\">corporate event<\/span><\/p>\n<p>Friday * 06\/17\/2022 * Waldgasthof Buchenhain, Biergarten<\/p>\n<p>Sunday * 05\/29\/2022 * Trafo<\/p>\n<p>Tuesday * 05\/24\/2022 * KultCaf\u00e9 Gilching<\/p>\n<p>Thursday * 05\/19\/2022 * <span class=\"tag_trans\">corporate event<\/span><\/p>\n<p>Tuesday * 05\/10\/2022 * <span class=\"tag_trans\">corporate event<\/span><\/p>\n<p>Saturday * 05\/07\/2022 * \u201eDie Lange Nacht der Musik\u201c im ZAV<\/p>\n<p>Thursday * 05\/05\/2022 * Audi Forum Ingolstadt<\/p>\n<p>Sunday * 04\/24\/2022 * Matin\u00e9e im Stadtkino Trostberg<\/p>\n<p>Friday * 03\/04\/2022 * Swing&amp;The City, Tanzstudio OnStage<\/p>\n<p>Wednesday * 02\/09\/2022 * Wohnstift Rathsberg e. V.<\/p>\n<p>Friday * 01\/07\/2022 * Sonthofer Kulturwerkstatt<\/p>\n<p>Wednesday * 01\/05\/2022 * Hotel Klosterhof<\/p>\n<p>Friday * 12\/31\/2021 * Waldgasthof Buchenhain<\/p>\n<p>Thursday * 12\/23\/2021 * D\u00fcrnbecker<\/p>\n<p>Tuesday * 12\/21\/2021 * Hoftheater<\/p>\n<p>Sunday * 12\/19\/2021 * Kult9<\/p>\n<p>Thursday * 12\/16\/2021 * Kleines Theater Haar<\/p>\n<p>Saturday * 12\/11\/2021 * M\u00fcnchner K\u00fcnstlerhaus<\/p>\n<p>Thursday * 11\/11\/2021 * Audi After Work Lounge, Audi AG<\/p>\n<p>Wednesday * 11\/10\/2021 * Pasinger Fabrik<\/p>\n<p>Tuesday * 10\/26\/2021 * CAT Jazz Club im Tresor Vinum<\/p>\n<p>Monday * 10\/18\/2021 * Kongress, M\u00fcnchen<\/p>\n<p>Friday * 10\/15\/2021 * Gew\u00f6lbekeller der Residenz<\/p>\n<p>Saturday * 10\/09\/2021 * Konzertsaal im Haus der Weiterbildung<\/p>\n<p>Friday * 10\/01\/2021 * Festive Inauguration Neuhauser Trafo<\/p>\n<p>Saturday * 09\/25\/2021 * Bayerischer Hof Night Club<\/p>\n<p>Friday * 09\/24\/2021 * Intakt Musikinstitut<\/p>\n<p>Thursday * 09\/23\/2021 * Jazzclub Leonberg<\/p>\n<p>Wednesday * 09\/22\/2021 * Forum Kultur, Marstall im Kurmainzer Amtshof<\/p>\n<p>Friday * 09\/10\/2021 * Kultur-Etage Riem<\/p>\n<p>Tuesday * 09\/07\/2021 * KultCaf\u00e9 Gilching<\/p>\n<p>Saturday * 08\/14\/2021 * Caf\u00e9 Neuhausen<\/p>\n<p>Sunday * 08\/08\/2021 * Waldgasthof Buchenhain<\/p>\n<p>Thursday * 07\/29\/2021 * Dinzler Kaffeer\u00f6sterei AG, Weingarten<\/p>\n<p>Saturday * 07\/24\/2021 * freiraum-jenbach<\/p>\n<p>Thursday * 07\/22\/2021 * Dinzler Kaffeer\u00f6sterei AG, Weingarten<\/p>\n<p>Friday * 07\/02\/2021 * Swing &amp; The City<\/p>\n<p>Friday * 10\/23\/2020 * Hide Out 2<\/p>\n<p>Sunday * 09\/20\/2020 * E-Werk, Kellerb\u00fchne<\/p>\n<p>Sunday * 09\/13\/2020 * Biergarten Fasanerie<\/p>\n<p>Sunday * 08\/16\/2020 * Metzgerwirt<\/p>\n<p>Saturday * 08\/15\/2020 * Fasanerie<\/p>\n<p>Thursday * 08\/13\/2020 * Wirtshaus Taglaching<\/p>\n<p>Sunday * 07\/19\/2020 * Fasanerie<\/p>\n<p>Sunday * 07\/12\/2020 * Private event<\/p>\n<p>Sunday * 07\/05\/2020 * Hotel Klosterhof<\/p>\n<p>Wednesday * 04\/29\/2020 * Kleinen Theater Haar FEIERABEND JAZZ &amp; POP IM NETZ<\/p>\n<p>Saturday * 03\/14\/2020 * Kultur-Etage Riem<\/p>\n<p>Thursday * 03\/05\/2020 * Bar Gab\u00e1nyi<\/p>\n<p>Friday * 02\/14\/2020 * Fasanerie<\/p>\n<p>Sunday * 02\/09\/2020 * Caf\u00e9 Luitpold<\/p>\n<p>Saturday * 02\/08\/2020 * B&amp;O Parkhotel GmbH &amp; Co. KG, Campus Bar<\/p>\n<p>Friday * 01\/31\/2020 * Piano Bar im Bayerischen Hof<\/p>\n<p>Friday * 01\/24\/2020 * Piano Bar im Bayerischen Hof<\/p>\n<p>Friday * 01\/17\/2020 * Piano Bar im Bayerischen Hof<\/p>\n<p>Tuesday * 01\/14\/2020 * Pasinger Fabrik<\/p>\n<p>Sunday * 01\/12\/2020 * Caf\u00e9 Luitpold<\/p>\n<p>Friday * 01\/10\/2020 * Piano Bar im Bayerischen Hof<\/p>\n<p>Wednesday * 01\/08\/2020 * Bibliothekssaal<\/p>\n<p>Saturday * 01\/04\/2020 * Hide Out 2<\/p>\n<p>Friday * 01\/03\/2020 * Piano Bar im Bayerischen Hof<\/p>\n<p>Monday * 12\/23\/2019 * Schwabinger Weihnachtsmarkt<\/p>\n<p>Sunday * 12\/22\/2019 * Schmid\u2018s Laden<\/p>\n<p>Friday * 12\/20\/2019 * Caf\u00e9 \u00dcber Den Tellerrand, VHS<\/p>\n<p>Sunday * 12\/15\/2019 * Schmid\u2018s Laden<\/p>\n<p>Friday * 12\/13\/2019 * Jazzstudio N\u00fcrnberg<\/p>\n<p>Thursday * 12\/12\/2019 * PEP<\/p>\n<p>Sunday * 12\/08\/2019 * Le Pirate<\/p>\n<p>Sunday * 12\/08\/2019 * Private event<\/p>\n<p>Friday * 12\/06\/2019 * M\u00f6venpick Weinkeller<\/p>\n<p>Sunday * 12\/01\/2019 * Kulturtenne der Fasanerie<\/p>\n<p>Saturday * 11\/30\/2019 * Kleines Theater Haar<\/p>\n<p>Sunday * 11\/17\/2019 * Bayerischer Hof Night Club<\/p>\n<p>Sunday * 11\/17\/2019 * Caf\u00e9 Luitpold<\/p>\n<p>Thursday * 11\/14\/2019 * Audi AG<\/p>\n<p>Sunday * 10\/27\/2019 * Verde<\/p>\n<p>Saturday * 10\/26\/2019 * M\u00f6venpick Weinkeller<\/p>\n<p>Friday * 10\/25\/2019 * Mister B\u2018s<\/p>\n<p>Thursday * 10\/24\/2019 * Jason\u2019s Jazz Club (im N8Modul)<\/p>\n<p>Sunday * 10\/20\/2019 * Stadtkino Trostberg<\/p>\n<p>Wednesday * 10\/16\/2019 * WunderBar<\/p>\n<p>Wednesday * 10\/09\/2019 * Tertianum<\/p>\n<p>Sunday * 10\/06\/2019 * E-Werk, Kellerb\u00fchne<\/p>\n<p>Saturday * 09\/28\/2019 * Westtorhalle<\/p>\n<p>Saturday * 09\/14\/2019 * Meile Moosach (1. Etage)<\/p>\n<p>Friday * 09\/13\/2019 * Sonthofener Kulturwerkstatt<\/p>\n<p>Sunday * 09\/08\/2019 * Fasanerie Biergarten<\/p>\n<p>Friday * 09\/06\/2019 * Sch\u00e4fflerhof<\/p>\n<p>Sunday * 09\/01\/2019 * Pf\u00e4lzer Residenz Weinstube<\/p>\n<p>Wednesday * 08\/21\/2019 * Jazzbar Vogler<\/p>\n<p>Sunday * 08\/04\/2019 * Fasanerie<\/p>\n<p>Saturday * 07\/27\/2019 * \u00dcber den Tellerrand Caf\u00e9<\/p>\n<p>Sunday * 07\/21\/2019 * Bayerisches Jazzweekend Regensburg<\/p>\n<p>Tuesday * 07\/16\/2019 * Andechser Lounge, Olympiapark S\u00fcd M\u00fcnchen<\/p>\n<p>Monday * 07\/15\/2019 * Strandhotel Fischland<\/p>\n<p>Sunday * 07\/14\/2019 * Kaiserb\u00e4der Usedom<\/p>\n<p>Saturday * 07\/13\/2019 * Kaiserb\u00e4der Usedom<\/p>\n<p>Friday * 07\/12\/2019 * Strandhotel Heringsdorf<\/p>\n<p>Thursday * 07\/11\/2019 * Strandhotel Fischland<\/p>\n<p>Sunday * 07\/07\/2019 * Fasanerie<\/p>\n<p>Friday * 06\/28\/2019 * Schrottgalerie Friedel<\/p>\n<p>Sunday * 06\/09\/2019 * Fasanerie<\/p>\n<p>Saturday * 06\/01\/2019 * Mister B.&#8217;s<\/p>\n<p>Tuesday * 05\/28\/2019 * Chopard<\/p>\n<p>Sunday * 05\/19\/2019 * Pf\u00e4lzer Residenz Weinstube<\/p>\n<p>Tuesday * 05\/14\/2019 * ICM Riem Firmenveranstaltung<\/p>\n<p>Sunday * 05\/12\/2019 * Verde<\/p>\n<p>Saturday * 05\/11\/2019 * Hide Out 2<\/p>\n<p>Sunday * 04\/28\/2019 * Caf\u00e9 Luitpold<\/p>\n<p>Saturday * 04\/27\/2019 * Kemptener Jazzfr\u00fchling<\/p>\n<p>Friday * 04\/12\/2019 * Oberpollinger<\/p>\n<p>Saturday * 04\/06\/2019 * Musikb\u00fchne Ludwig Beck<\/p>\n<p>Thursday * 04\/04\/2019 * Weinkeller im Landschloss Korntal<\/p>\n<p>Sunday * 03\/31\/2019 * Caf\u00e9 Luitpold<\/p>\n<p>Sunday * 03\/17\/2019 * Bayerischer Hof Palais Keller<\/p>\n<p>Sunday * 03\/10\/2019 * Bayerischer Hof Palais Keller<\/p>\n<p>Friday * 03\/08\/2019 * Mister B\u2018s<\/p>\n<p>Sunday * 03\/03\/2019 * Bayerischer Hof Palais Keller<\/p>\n<p>Sunday * 02\/24\/2019 * Le Pirate<\/p>\n<p>Sunday * 02\/24\/2019 * Bayerischer Hof Palais Keller<\/p>\n<p>Saturday * 02\/16\/2019 * b-flat<\/p>\n<p>Friday * 02\/15\/2019 * Staatsbad Bad Steben<\/p>\n<p>Wednesday * 02\/13\/2019 * Torretta<\/p>\n<p>Friday * 02\/08\/2019 * The Raven<\/p>\n<p>Thursday * 02\/07\/2019 * Audi Forum Bar &amp; Lounge<\/p>\n<p>Friday * 02\/01\/2019 * Mister B.&#8217;s<\/p>\n<p>Thursday * 01\/31\/2019 * K 1 Kultur- und Kongresszentrum<\/p>\n<p>Wednesday * 01\/30\/2019 * Spectacel Inning<\/p>\n<p>Friday * 01\/25\/2019 * Bayerischer Hof Piano Bar<\/p>\n<p>Thursday * 01\/24\/2019 * Pasinger Fabrik<\/p>\n<p>Wednesday * 01\/23\/2019 * Jazzbar Vogler<\/p>\n<p>Friday * 01\/18\/2019 * Bayerischer Hof Piano Bar<\/p>\n<p>Friday * 01\/11\/2019 * Bayerischer Hof Piano Bar<\/p>\n<p>Friday * 01\/04\/2019 * Bayerischer Hof Piano Bar<\/p>\n<p>Sunday * 12\/23\/2018 * Verde<\/p>\n<p>Thursday * 12\/20\/2018 * Augustinum M\u00fcnchen<\/p>\n<p>Sunday * 12\/16\/2018 * Caf\u00e9 Luitpold<\/p>\n<p>Friday * 12\/14\/2018 * M\u00f6venpick Weinkeller<\/p>\n<p>Thursday * 12\/06\/2018 * Fasanerie, Kulturtenne<\/p>\n<p>Tuesday * 12\/04\/2018 * Corporate event BMW World<\/p>\n<p>Wednesday * 11\/28\/2018 * Oberpollinger<\/p>\n<p>Friday * 11\/23\/2018 * Kultur-Etage Messestadt<\/p>\n<p>Wednesday * 11\/21\/2018 * Hofspielhaus<\/p>\n<p>Saturday * 11\/17\/2018 * Caf\u00e9 am Beethovenplatz<\/p>\n<p>Friday * 11\/09\/2018 * Caf\u00e9 Marxhof<\/p>\n<p>Wednesday * 11\/07\/2018 * CD Release Concert &#8220;The Green Unicorn&#8221; * Bayerischer Hof Night Club<\/p>\n<p>Saturday * 10\/27\/2018 * Neuhauser Musiknacht<\/p>\n<p>Thursday * 10\/25\/2018 * Audi Forum Bar &amp; Lounge<\/p>\n<p>Sunday * 10\/21\/2018 * Caf\u00e9 Luitpold<\/p>\n<p>Saturday * 10\/20\/2018 * Westend Musiknacht<\/p>\n<p>Saturday * 10\/13\/2018 * 4. Allacher Jazznacht<\/p>\n<p>Thursday * 10\/11\/2018 * Kulturzentrum Trudering<\/p>\n<p>Friday * 10\/05\/2018 * OnStage<\/p>\n<p>Saturday * 09\/29\/2018 * Kultur-Stadl<\/p>\n<p>Friday * 09\/21\/2018 * Mister B.&#8217;s<\/p>\n<p>Sunday * 09\/16\/2018 * Caf\u00e9 Luitpold<\/p>\n<p>Friday * 09\/14\/2018 * Jazzclub Ludwigsburg, Podium<\/p>\n<p>Thursday * 09\/13\/2018 * Jazzkeller Frankfurt<\/p>\n<p>Sunday * 07\/29\/2018 * Residenz auf dem Pf\u00e4lzer Weinfest<\/p>\n<p>Sunday * 07\/29\/2018 * Pf\u00e4lzer Residenz Weinstube<\/p>\n<p>Thursday * 07\/26\/2018 * Bar Gab\u00e1nyi<\/p>\n<p>Sunday * 07\/22\/2018 * Bayerisches Jazzweekend<\/p>\n<p>Sunday * 07\/15\/2018 * Caf\u00e9 Luitpold<\/p>\n<p>Saturday * 07\/14\/2018 * Mister B&#8217;s<\/p>\n<p>Sunday * 07\/08\/2018 * Pf\u00e4lzer Residenz Weinstube<\/p>\n<p>Wednesday * 07\/04\/2018 * Tollwood Sommerfestival 2018<\/p>\n<p>Sunday * 06\/24\/2018 * Jazz Club b-flat<\/p>\n<p>Saturday * 06\/23\/2018 * Historische Konzertb\u00fchne<\/p>\n<p>Friday * 06\/22\/2018 * Ahrenshooper Jazzfestival<\/p>\n<p>Thursday * 06\/21\/2018 * Katy&#8217;s Garage<\/p>\n<p>Sunday * 06\/17\/2018 * Caf\u00e9 Luitpold<\/p>\n<p>Thursday * 06\/14\/2018 * Ebenb\u00f6ck-Haus Park<\/p>\n<p>Sunday * 05\/20\/2018 * Caf\u00e9 Luitpold<\/p>\n<p>Sunday * 05\/13\/2018 * Bayerischer Hof Palais Keller<\/p>\n<p>Sunday * 05\/06\/2018 * Bayerischer Hof Palais Keller<\/p>\n<p>Friday * 05\/04\/2018 * Schmid&#8217;s Laden<\/p>\n<p>Thursday\u00a0* 04\/26\/2018 * Furtner Br\u00e4u<\/p>\n<p>Friday\u00a0* 04\/20\/2018 * Huglfing<\/p>\n<p>Sunday\u00a0* 04\/15\/2018 * Caf\u00e9 Luitpold<\/p>\n<p>Friday * 04\/13\/2018 * Mister B&#8217;s<\/p>\n<p>Sunday * 04\/08\/2018 * Azur Bar Prien, Restaurant Verde<\/p>\n<p>Thursday * 04\/05\/2018 * Dilan Meze &amp; Bar<\/p>\n<p>Sunday * 03\/25\/2018 * Bayerischer Hof Palais Keller<\/p>\n<p>Monday * 03\/19\/2018 * Jazzclub Abensberg<\/p>\n<p>Sunday * 03\/18\/2018 * Jazzstudio N\u00fcrnberg<\/p>\n<p>Sunday * 03\/11\/2018 * Bayerischer Hof Palais Keller<\/p>\n<p>Friday * 03\/09\/2018 * Birdland Jazzclub Neuburg<\/p>\n<p>Wednesday * 03\/07\/2018 * Schloss Elmau<\/p>\n<p>Sunday * 03\/04\/2018 * Bayerischer Hof Palais Keller<\/p>\n<p>Thursday * 03\/01\/2018 * Dilan Meze &amp; Bar<\/p>\n<p>Sunday * 02\/18\/2018 * Stadtkino Trostberg<\/p>\n<p>Sunday * 02\/11\/2018 * Caf\u00e9 Luitpold<\/p>\n<p>Friday * 01\/26\/2018 * Club Raven<\/p>\n<p>Friday * 01\/19\/2018 * Schrott Galerie Friedel<\/p>\n<p>Thursday * 01\/18\/2018 * Pasinger Fabrik<\/p>\n<p>Sunday * 01\/14\/2018 * Caf\u00e9 Luitpold<\/p>\n<p>Tuesday * 01\/02\/2018 * Jazzbar Vogler<\/p>\n<p>Friday * 12\/29\/2017 * City Galerie Augsburg<\/p>\n<p>Saturday * 12\/23\/2017 * Kleines Theater Haar<\/p>\n<p>Sunday * 12\/17\/2017 * Jazzclub Le Pirate<\/p>\n<p>Saturday * 12\/16\/2017 * Kultur-Etage Riem<\/p>\n<p>Friday * 12\/15\/2017 * Wasserschloss Taufkirchen (Vils)<\/p>\n<p>Sunday * 12\/03\/2017 * Bayerischer Hof Night Club<\/p>\n<p>Thursday * 11\/30\/2017 * Kulturb\u00fchne Hinterhalt<\/p>\n<p>Wednesday * 11\/29\/2017 * Landschloss Korntal<\/p>\n<p>Saturday * 11\/25\/2017 * B&amp;O Parkhotel<\/p>\n<p>Saturday * 11\/18\/2017 * Caf\u00e9 Marxhof<\/p>\n<p>Thursday * 11\/16\/2017 * Audi Forum Bar und Lounge<\/p>\n<p>Sunday * 11\/12\/2017 * Caf\u00e9 Luitpold<\/p>\n<p>Wednesday * 11\/08\/2017 * Inninger Spectacel<\/p>\n<p>Friday * 11\/03\/2017 * Mister B&#8217;s<\/p>\n<p>Friday * 11\/03\/2017 * M\u00f6venpick Weinkeller<\/p>\n<p>Saturday * 10\/28\/2017 * Caf\u00e9 Kolonial<\/p>\n<p>Saturday * 10\/21\/2017 * Private event<\/p>\n<p>Wednesday * 10\/11\/2017 * Galerie Schr\u00f6der Kulturclub<\/p>\n<p>Tuesday * 10\/10\/2017 * Galerie Schr\u00f6der Kulturclub<\/p>\n<p>Sunday * 10\/08\/2017 * Caf\u00e9 Luitpold<\/p>\n<p>Tuesday * 09\/05\/2017 * Eremitage &#8211; Kulturrestaurant<\/p>\n<p>Sunday * 08\/27\/2017 * Caf\u00e9 Luitpold<\/p>\n<p>Thursday * 08\/24\/2017 * Jazzbar Vogler<\/p>\n<p>Sunday * 07\/30\/2017 * Wirtshaus Taglaching<\/p>\n<p>Sunday * 07\/23\/2017 * Caf\u00e9 Luitpold<\/p>\n<p>Sunday * 07\/16\/2017 * Pf\u00e4lzer Residenz Weinstube<\/p>\n<p>Saturday * 07\/08\/2017 * 36. Bayerisches Jazzweekend<\/p>\n<p>Sunday * 07\/02\/2017 * B\u00fcrgerfest 850 Jahre Neuhausen<\/p>\n<p>Sunday * 06\/25\/2017 * Caf\u00e9 Luitpold<\/p>\n<p>Wednesday * 06\/21\/2017 * Sommertollwood<\/p>\n<p>Saturday * 06\/03\/2017 * Mister B&#8217;s<\/p>\n<p>Wednesday * 05\/31\/2017 \u00a0* Jazzclub Le Pirate<\/p>\n<p>Sunday * 05\/28\/2017 * Pf\u00e4lzer Residenz Weinstube<\/p>\n<p>Thursday * 05\/18\/2017 * Bar Gab\u00e1nyi<\/p>\n<p>Saturday * 05\/13\/2017 * Caf\u00e9 Bar Herzog<\/p>\n<p>Sunday * 04\/23\/2017 * Caf\u00e9 Luitpold<\/p>\n<p>Thursday * 04\/20\/2017 * Audi Forum<\/p>\n<p>Monday * 04\/17\/2017 * Restaurant La Boh\u00e8me<\/p>\n<p>Wednesday * 04\/12\/2017 * Jazz Club Hirsch<\/p>\n<p>Saturday * 04\/08\/2017 * Hotel Torbr\u00e4u<\/p>\n<p>Monday * 04\/03\/2017 * Restaurant La Boh\u00e8me<\/p>\n<p>Tuesday * 03\/21\/2017 * Pasinger Fabrik<\/p>\n<p>Saturday * 03\/18\/2017 * Roys Bar<\/p>\n<p>Sunday * 03\/12\/2017 * Caf\u00e9 Luitpold<\/p>\n<p>Monday * 03\/06\/2017 * Restaurant La Boh\u00e8me<\/p>\n<p>Wednesday * 03\/01\/2017 * Bayrischer Hof<\/p>\n<p>Sunday * 02\/19\/2017 * Stadtkino Trostberg<\/p>\n<p>Thursday * 02\/02\/2017 * Jazzbar Vogler<\/p>\n<p>Sunday * 01\/29\/2017 * Club Raven<\/p>\n<p>Sunday * 01\/15\/2017 * Caf\u00e9 Luitpold<\/p>\n<p>Saturday * 01\/14\/2017 * Jazzclub Villingen<\/p>\n<p>Saturday * 12\/17\/2016 * Christmas Jazz im PEP<\/p>\n<p>Friday * \u00a012\/16\/2016 * Jazzclub Kiste<\/p>\n<p>Wednesday * 12\/14\/2016 * Inniger Spectacel<\/p>\n<p>Saturday * 12\/10\/2016 * M\u00f6wenpick Weinkeller<\/p>\n<p>Monday * 11\/28\/2016 * La Boheme<\/p>\n<p>Saturday * 11\/26\/2016 * Caf\u00e9 Marxhof Stetten<\/p>\n<p>Wednesday * 11\/16\/2016 *\u00a0Jazzbar Vogler<\/p>\n<p>Tuesday * 11\/08\/2016 * Jazzclub 55<\/p>\n<p>Saturday\u00a0* 10\/22\/2016 * Neuhauser Musiknacht * Kaffee Kolonial<\/p>\n<p>Sunday\u00a0* 10\/23\/2016 * Caf\u00e9 Luitpold<\/p>\n<p>Saturday\u00a0* 10\/29\/2016 * Kultur-Etage Riem<\/p>\n<p>Friday * 09\/30\/2016 * Raiffeisenbank (Birdland Jazz Club)<\/p>\n<p>Thursday * 09\/29\/2016 * Jazz im Turm<\/p>\n<p>Tuesday * 09\/27\/2016 * Jazzbar Vogler * Jasmin Bayer &amp; Davide Roberts<\/p>\n<p>Friday * 09\/23\/2016 * Augustinum Ammersee<\/p>\n<p>Wednesday * 09\/14\/2016 * Kleines Theater<\/p>\n<p>Sunday * 09\/11\/2016 * Cafe Luitpold (Jazz zum Fr\u00fchst\u00fcck)<\/p>\n<p>Sunday * 07\/31\/2016 *\u00a0Cafe Luitpold (Jazz zum Fr\u00fchst\u00fcck)<\/p>\n<p>Sunday * 07\/24\/2016 * Le Pirate<\/p>\n<p>Thursday * 07\/21\/2016 * Im Foyer, Kulturhaus Neuperlach *\u00a0Jasmin Bayer &amp; Davide Roberts<\/p>\n<p>Saturday * 07\/09\/2016 * Mister B&#8217;s *\u00a0Jasmin Bayer &amp; Davide Roberts<\/p>\n<p>Wednesday\u00a0* 07\/06\/2016 * Unterfahrt<\/p>\n<p>Friday * 07\/01\/2016 * Private Veranstaltung *\u00a0Jasmin Bayer &amp; Davide Roberts<\/p>\n<p>Saturday * 06\/25\/2016 * Schrottgalerie Friedel<\/p>\n<p>Friday * 06\/24\/2016 * Mister B&#8217;s *\u00a0Jasmin Bayer &amp; Davide Roberts<\/p>\n<p>Sunday * 06\/19\/2016 *\u00a0Cafe Luitpold (Jazz zum Fr\u00fchst\u00fcck)<\/p>\n<p>Friday * 06\/17\/2016 * ROY, Dinner &amp; Show<\/p>\n<p>Tuesday\u00a0* 06\/14\/2016 * Jazzbar Vogler *\u00a0Jasmin Bayer &amp; Davide Roberts<\/p>\n<p>Thursday * 06\/09\/2016 * Bayerischer Hof, Night Club<\/p>\n<p>Sunday * 06\/05\/2016 * Kulturzentrum Trudering<\/p>\n<p>Friday * 06\/03\/2016 * Cafe Zimtbl\u00fcte *\u00a0Jasmin Bayer &amp; Davide Roberts<\/p>\n<p>Saturday * 05\/14\/2016 * Klangfest im Gasteig<\/p>\n<p>Sunday * 05\/08\/2016 *\u00a0Cafe Luitpold (Jazzbrunch)<\/p>\n<p>Saturday * 04\/30\/2016 * Kultfabrik, Die lange Nacht der Musik<\/p>\n<p>Thursday * 04\/07\/2016 * Jazzbar Vogler *\u00a0Jasmin Bayer &amp; Davide Roberts<\/p>\n<p>Thursday * 03\/24\/2016 * Audi Forum Ingolstadt Bar &amp; Lounge<\/p>\n<p>Saturday * 03\/12\/2016 * Private Veranstaltung<\/p>\n<p>Thursday * 03\/10\/2016 * Big Easy *\u00a0Jasmin Bayer &amp; Davide Roberts<\/p>\n<p>Sunday * 03\/06\/2016 *\u00a0Cafe Luitpold (Jazzbrunch)<\/p>\n<p>Thursday * 03\/03\/2016 * Bernie-Baken-Bar<\/p>\n<p>Friday * 02\/19\/2016 * Kultfabrik, Swing and the City<\/p>\n<p>Saturday * 02\/13\/2016 * Cafe am Beethovenplatz<\/p>\n<p>Thursday * 02\/04\/2016 * Big Easy *\u00a0Jasmin Bayer &amp; Davide Roberts<\/p>\n<p>Sunday * 01\/17\/2016 * Stadtkino Trostberg (Matinee)<\/p>\n<p>Sunday * 01\/10\/2016 *\u00a0Cafe Luitpold (Jazzbrunch)<\/p>\n<p>Thursday * 01\/07\/2016 *\u00a0Big Easy *\u00a0Jasmin Bayer &amp; Davide Roberts<\/p>","protected":false},"excerpt":{"rendered":"<p>Tuesday * 03\/31\/2026 * Gastmahl Konzerte im Tresor Vinum Saturday * 03\/14\/2026 * Schrottgalerie Friday * 03\/06\/2026 * Corporate event &hellip; <a href=\"https:\/\/www.jazzminonline.de\/en\/termine-archiv\/\" class=\"more-link\">Continue reading <span class=\"screen-reader-text\">Tourdates (archive)<\/span><\/a><\/p>\n","protected":false},"author":4,"featured_media":0,"parent":0,"menu_order":0,"comment_status":"closed","ping_status":"closed","template":"","meta":{"footnotes":""},"class_list":["post-2110","page","type-page","status-publish","hentry"],"yoast_head":"<!-- This site is optimized with the Yoast SEO plugin v27.5 - https:\/\/yoast.com\/product\/yoast-seo-wordpress\/ -->\n<title>Tourdates (archive) - Jasmin Bayer<\/title>\n<meta name=\"robots\" content=\"index, follow, max-snippet:-1, max-image-preview:large, max-video-preview:-1\" \/>\n<link rel=\"canonical\" href=\"https:\/\/www.jazzminonline.de\/termine-archiv\/\" \/>\n<meta property=\"og:locale\" content=\"en_US\" \/>\n<meta property=\"og:type\" content=\"article\" \/>\n<meta property=\"og:title\" content=\"[:de]Termine (Archiv)[:en]Tourdates (archive)[:] - Jasmin Bayer\" \/>\n<meta property=\"og:description\" content=\"Tuesday * 03\/31\/2026 * Gastmahl Konzerte im Tresor Vinum Saturday * 03\/14\/2026 * Schrottgalerie Friday * 03\/06\/2026 * Corporate event &hellip; Continue reading Tourdates (archive)\" \/>\n<meta property=\"og:url\" content=\"https:\/\/www.jazzminonline.de\/termine-archiv\/\" \/>\n<meta property=\"og:site_name\" content=\"Jasmin Bayer\" \/>\n<meta property=\"article:modified_time\" content=\"2026-04-05T18:38:57+00:00\" \/>\n<meta name=\"twitter:card\" content=\"summary_large_image\" \/>\n<meta name=\"twitter:label1\" content=\"Est. reading time\" \/>\n\t<meta name=\"twitter:data1\" content=\"37 minutes\" \/>\n<script type=\"application\/ld+json\" class=\"yoast-schema-graph\">{\"@context\":\"https:\\\/\\\/schema.org\",\"@graph\":[{\"@type\":\"WebPage\",\"@id\":\"https:\\\/\\\/www.jazzminonline.de\\\/termine-archiv\\\/\",\"url\":\"https:\\\/\\\/www.jazzminonline.de\\\/termine-archiv\\\/\",\"name\":\"[:de]Termine (Archiv)[:en]Tourdates (archive)[:] - Jasmin Bayer\",\"isPartOf\":{\"@id\":\"https:\\\/\\\/www.jazzminonline.de\\\/en\\\/#website\"},\"datePublished\":\"2016-10-25T18:45:23+00:00\",\"dateModified\":\"2026-04-05T18:38:57+00:00\",\"breadcrumb\":{\"@id\":\"https:\\\/\\\/www.jazzminonline.de\\\/termine-archiv\\\/#breadcrumb\"},\"inLanguage\":\"en-US\",\"potentialAction\":[{\"@type\":\"ReadAction\",\"target\":[\"https:\\\/\\\/www.jazzminonline.de\\\/termine-archiv\\\/\"]}]},{\"@type\":\"BreadcrumbList\",\"@id\":\"https:\\\/\\\/www.jazzminonline.de\\\/termine-archiv\\\/#breadcrumb\",\"itemListElement\":[{\"@type\":\"ListItem\",\"position\":1,\"name\":\"Startseite\",\"item\":\"https:\\\/\\\/www.jazzminonline.de\\\/en\\\/\"},{\"@type\":\"ListItem\",\"position\":2,\"name\":\"Termine (Archiv)\"}]},{\"@type\":\"WebSite\",\"@id\":\"https:\\\/\\\/www.jazzminonline.de\\\/en\\\/#website\",\"url\":\"https:\\\/\\\/www.jazzminonline.de\\\/en\\\/\",\"name\":\"Jasmin Bayer\",\"description\":\"\",\"potentialAction\":[{\"@type\":\"SearchAction\",\"target\":{\"@type\":\"EntryPoint\",\"urlTemplate\":\"https:\\\/\\\/www.jazzminonline.de\\\/en\\\/?s={search_term_string}\"},\"query-input\":{\"@type\":\"PropertyValueSpecification\",\"valueRequired\":true,\"valueName\":\"search_term_string\"}}],\"inLanguage\":\"en-US\"}]}<\/script>\n<!-- \/ Yoast SEO plugin. -->","yoast_head_json":{"title":"[:de]Termine (Archiv)[:en]Tourdates (archive)[:] - Jasmin Bayer","robots":{"index":"index","follow":"follow","max-snippet":"max-snippet:-1","max-image-preview":"max-image-preview:large","max-video-preview":"max-video-preview:-1"},"canonical":"https:\/\/www.jazzminonline.de\/termine-archiv\/","og_locale":"en_US","og_type":"article","og_title":"[:de]Termine (Archiv)[:en]Tourdates (archive)[:] - Jasmin Bayer","og_description":"Tuesday * 03\/31\/2026 * Gastmahl Konzerte im Tresor Vinum Saturday * 03\/14\/2026 * Schrottgalerie Friday * 03\/06\/2026 * Corporate event &hellip; Continue reading Tourdates (archive)","og_url":"https:\/\/www.jazzminonline.de\/termine-archiv\/","og_site_name":"Jasmin Bayer","article_modified_time":"2026-04-05T18:38:57+00:00","twitter_card":"summary_large_image","twitter_misc":{"Est. reading time":"37 minutes"},"schema":{"@context":"https:\/\/schema.org","@graph":[{"@type":"WebPage","@id":"https:\/\/www.jazzminonline.de\/termine-archiv\/","url":"https:\/\/www.jazzminonline.de\/termine-archiv\/","name":"[:de]Termine (Archiv)[:en]Tourdates (archive)[:] - Jasmin Bayer","isPartOf":{"@id":"https:\/\/www.jazzminonline.de\/en\/#website"},"datePublished":"2016-10-25T18:45:23+00:00","dateModified":"2026-04-05T18:38:57+00:00","breadcrumb":{"@id":"https:\/\/www.jazzminonline.de\/termine-archiv\/#breadcrumb"},"inLanguage":"en-US","potentialAction":[{"@type":"ReadAction","target":["https:\/\/www.jazzminonline.de\/termine-archiv\/"]}]},{"@type":"BreadcrumbList","@id":"https:\/\/www.jazzminonline.de\/termine-archiv\/#breadcrumb","itemListElement":[{"@type":"ListItem","position":1,"name":"Startseite","item":"https:\/\/www.jazzminonline.de\/en\/"},{"@type":"ListItem","position":2,"name":"Termine (Archiv)"}]},{"@type":"WebSite","@id":"https:\/\/www.jazzminonline.de\/en\/#website","url":"https:\/\/www.jazzminonline.de\/en\/","name":"Jasmin Bayer","description":"","potentialAction":[{"@type":"SearchAction","target":{"@type":"EntryPoint","urlTemplate":"https:\/\/www.jazzminonline.de\/en\/?s={search_term_string}"},"query-input":{"@type":"PropertyValueSpecification","valueRequired":true,"valueName":"search_term_string"}}],"inLanguage":"en-US"}]}},"jetpack_sharing_enabled":true,"_links":{"self":[{"href":"https:\/\/www.jazzminonline.de\/en\/wp-json\/wp\/v2\/pages\/2110","targetHints":{"allow":["GET"]}}],"collection":[{"href":"https:\/\/www.jazzminonline.de\/en\/wp-json\/wp\/v2\/pages"}],"about":[{"href":"https:\/\/www.jazzminonline.de\/en\/wp-json\/wp\/v2\/types\/page"}],"author":[{"embeddable":true,"href":"https:\/\/www.jazzminonline.de\/en\/wp-json\/wp\/v2\/users\/4"}],"replies":[{"embeddable":true,"href":"https:\/\/www.jazzminonline.de\/en\/wp-json\/wp\/v2\/comments?post=2110"}],"version-history":[{"count":243,"href":"https:\/\/www.jazzminonline.de\/en\/wp-json\/wp\/v2\/pages\/2110\/revisions"}],"predecessor-version":[{"id":5707,"href":"https:\/\/www.jazzminonline.de\/en\/wp-json\/wp\/v2\/pages\/2110\/revisions\/5707"}],"wp:attachment":[{"href":"https:\/\/www.jazzminonline.de\/en\/wp-json\/wp\/v2\/media?parent=2110"}],"curies":[{"name":"wp","href":"https:\/\/api.w.org\/{rel}","templated":true}]}}